{"id":2231,"date":"2020-09-23T19:37:52","date_gmt":"2020-09-23T19:37:52","guid":{"rendered":"https:\/\/ncchpp.wpengine.com\/?page_id=2231"},"modified":"2022-11-11T00:20:23","modified_gmt":"2022-11-11T00:20:23","slug":"sante-mentale-et-mieux-etre-des-populations","status":"publish","type":"page","link":"https:\/\/ccnpps-ncchpp.ca\/fr\/sante-mentale-et-mieux-etre-des-populations\/","title":{"rendered":"Sant\u00e9 mentale et mieux-\u00eatre des populations"},"content":{"rendered":"<p>[et_pb_section fb_built=\u00a0\u00bb1&Prime; _builder_version=\u00a0\u00bb4.9.1&Prime;][et_pb_row _builder_version=\u00a0\u00bb3.27.4&Prime;][et_pb_column type=\u00a0\u00bb4_4&Prime; _builder_version=\u00a0\u00bb3.27.4&Prime;][et_pb_text _builder_version=\u00a0\u00bb4.9.1&Prime; hover_enabled=\u00a0\u00bb0&Prime; z_index_tablet=\u00a0\u00bb500&Prime; text_text_shadow_horizontal_length_tablet=\u00a0\u00bb0px\u00a0\u00bb text_text_shadow_vertical_length_tablet=\u00a0\u00bb0px\u00a0\u00bb text_text_shadow_blur_strength_tablet=\u00a0\u00bb1px\u00a0\u00bb link_text_shadow_horizontal_length_tablet=\u00a0\u00bb0px\u00a0\u00bb link_text_shadow_vertical_length_tablet=\u00a0\u00bb0px\u00a0\u00bb link_text_shadow_blur_strength_tablet=\u00a0\u00bb1px\u00a0\u00bb ul_text_shadow_horizontal_length_tablet=\u00a0\u00bb0px\u00a0\u00bb ul_text_shadow_vertical_length_tablet=\u00a0\u00bb0px\u00a0\u00bb ul_text_shadow_blur_strength_tablet=\u00a0\u00bb1px\u00a0\u00bb ol_text_shadow_horizontal_length_tablet=\u00a0\u00bb0px\u00a0\u00bb ol_text_shadow_vertical_length_tablet=\u00a0\u00bb0px\u00a0\u00bb ol_text_shadow_blur_strength_tablet=\u00a0\u00bb1px\u00a0\u00bb quote_text_shadow_horizontal_length_tablet=\u00a0\u00bb0px\u00a0\u00bb quote_text_shadow_vertical_length_tablet=\u00a0\u00bb0px\u00a0\u00bb quote_text_shadow_blur_strength_tablet=\u00a0\u00bb1px\u00a0\u00bb header_text_shadow_horizontal_length_tablet=\u00a0\u00bb0px\u00a0\u00bb header_text_shadow_vertical_length_tablet=\u00a0\u00bb0px\u00a0\u00bb header_text_shadow_blur_strength_tablet=\u00a0\u00bb1px\u00a0\u00bb header_2_text_shadow_horizontal_length_tablet=\u00a0\u00bb0px\u00a0\u00bb header_2_text_shadow_vertical_length_tablet=\u00a0\u00bb0px\u00a0\u00bb header_2_text_shadow_blur_strength_tablet=\u00a0\u00bb1px\u00a0\u00bb header_3_text_shadow_horizontal_length_tablet=\u00a0\u00bb0px\u00a0\u00bb header_3_text_shadow_vertical_length_tablet=\u00a0\u00bb0px\u00a0\u00bb header_3_text_shadow_blur_strength_tablet=\u00a0\u00bb1px\u00a0\u00bb header_4_text_shadow_horizontal_length_tablet=\u00a0\u00bb0px\u00a0\u00bb header_4_text_shadow_vertical_length_tablet=\u00a0\u00bb0px\u00a0\u00bb header_4_text_shadow_blur_strength_tablet=\u00a0\u00bb1px\u00a0\u00bb header_5_text_shadow_horizontal_length_tablet=\u00a0\u00bb0px\u00a0\u00bb header_5_text_shadow_vertical_length_tablet=\u00a0\u00bb0px\u00a0\u00bb header_5_text_shadow_blur_strength_tablet=\u00a0\u00bb1px\u00a0\u00bb header_6_text_shadow_horizontal_length_tablet=\u00a0\u00bb0px\u00a0\u00bb header_6_text_shadow_vertical_length_tablet=\u00a0\u00bb0px\u00a0\u00bb header_6_text_shadow_blur_strength_tablet=\u00a0\u00bb1px\u00a0\u00bb box_shadow_horizontal_tablet=\u00a0\u00bb0px\u00a0\u00bb box_shadow_vertical_tablet=\u00a0\u00bb0px\u00a0\u00bb box_shadow_blur_tablet=\u00a0\u00bb40px\u00a0\u00bb box_shadow_spread_tablet=\u00a0\u00bb0px\u00a0\u00bb sticky_enabled=\u00a0\u00bb0&Prime;]<\/p>\n<h1>Sant\u00e9 mentale et mieux-\u00eatre des populations<\/h1>\n<p>[\/et_pb_text][\/et_pb_column][\/et_pb_row][et_pb_row column_structure=\u00a0\u00bb3_5,2_5&Prime; _builder_version=\u00a0\u00bb4.9.1&Prime; _module_preset=\u00a0\u00bbdefault\u00a0\u00bb][et_pb_column type=\u00a0\u00bb3_5&Prime; _builder_version=\u00a0\u00bb4.9.1&Prime; _module_preset=\u00a0\u00bbdefault\u00a0\u00bb][et_pb_text _builder_version=\u00a0\u00bb4.9.1&Prime; _module_preset=\u00a0\u00bbdefault\u00a0\u00bb custom_margin=\u00a0\u00bb|-110px||||\u00a0\u00bb hover_enabled=\u00a0\u00bb0&Prime; sticky_enabled=\u00a0\u00bb0&Prime;]<\/p>\n<p>La sant\u00e9 mentale est n\u00e9cessaire \u00e0 la possibilit\u00e9 de vivre des vies en sant\u00e9 et socialement et \u00e9conomiquement productives. Elle va au-del\u00e0 de l&rsquo;absence de troubles mentaux. Elle n\u00e9cessite des approches pangouvernementales et pan soci\u00e9tales afin de favoriser des conditions de vie qui produisent une bonne sant\u00e9 mentale et en r\u00e9duisent les in\u00e9galit\u00e9s. Ces changements de paradigmes quant aux mani\u00e8res de concevoir la sant\u00e9 mentale rapprochent l\u2019action en faveur de celle-ci de celle que proposent les perspectives autochtones en mati\u00e8re de mieux-\u00eatre mental.<\/p>\n<p>Dans cette section vous trouverez des outils qui cadrent la sant\u00e9 mentale des populations pour la sant\u00e9 publique, examinent le contexte dans lequel celle-ci se d\u00e9ploie au Canada et mettent de l\u2019avant les besoins et r\u00f4les \u00e9mergents pour la main-d\u2019\u0153uvre de sant\u00e9 publique qui agit en faveur de celle-ci. Les interactions entre diff\u00e9rentes approches de promotion de sant\u00e9 mentale des populations, dont celles de mieux-\u00eatre mental autochtones sont prises en compte au sein de cette th\u00e9matique.\u00a0<\/p>\n<p>Pour consulter nos ressources du projet Sant\u00e9 mentale et mieux-\u00eatre des populations, cliquez sur les liens ci-dessous :<\/p>\n<p><a href=\"https:\/\/ccnpps-ncchpp.ca\/fr\/sante-mentale-et-mieux-etre-des-populations\/publications\/\"><strong>Publications<\/strong><\/a><\/p>\n<p><a href=\"https:\/\/ccnpps-ncchpp.ca\/fr\/sante-mentale-et-mieux-etre-des-populations\/presentations-et-webinaires\/\" rel=\"noopener\"><strong>Pr\u00e9sentations et webinaires<\/strong><\/a><\/p>\n<p>&nbsp;<\/p>\n<p>[\/et_pb_text][\/et_pb_column][et_pb_column type=\u00a0\u00bb2_5&Prime; _builder_version=\u00a0\u00bb4.9.1&Prime; _module_preset=\u00a0\u00bbdefault\u00a0\u00bb][et_pb_image src=\u00a0\u00bbhttps:\/\/ccnpps-ncchpp.ca\/wp-content\/uploads\/2020\/06\/SanteMentale300x225.jpg\u00a0\u00bb title_text=\u00a0\u00bbSanteMentale300x225&Prime; _builder_version=\u00a0\u00bb4.9.1&Prime; _module_preset=\u00a0\u00bbdefault\u00a0\u00bb width=\u00a0\u00bb97.2%\u00a0\u00bb custom_padding=\u00a0\u00bb|||86px||\u00a0\u00bb custom_css_main_element=\u00a0\u00bbfilter: drop-shadow(2px 4px 6px black);||\t\t\t margin-left: 2px;\u00a0\u00bb border_radii=\u00a0\u00bbon|15px|15px|15px|15px\u00a0\u00bb][\/et_pb_image][et_pb_text _builder_version=\u00a0\u00bb4.9.1&Prime; _module_preset=\u00a0\u00bbdefault\u00a0\u00bb text_font_size=\u00a0\u00bb10px\u00a0\u00bb custom_margin=\u00a0\u00bb-17px||-70px|84px||\u00a0\u00bb]<\/p>\n<p>Image : \u00a9 iStockphoto.com\/ @skegbydave<\/p>\n<p>[\/et_pb_text][\/et_pb_column][\/et_pb_row][\/et_pb_section]<\/p>\n","protected":false},"excerpt":{"rendered":"<p>La sant\u00e9 mentale est une ressource positive. Elle est n\u00e9cessaire \u00e0 la possibilit\u00e9 de vivre des vies en sant\u00e9 et socialement et \u00e9conomiquement productives. Elle va au-del\u00e0 de l&rsquo;absence de troubles mentaux. Cette page pr\u00e9sente une description du projet Sant\u00e9 mentale et mieux-\u00eatre des populations, men\u00e9 par le CCNPPS.<\/p>\n","protected":false},"author":2,"featured_media":19300,"parent":0,"menu_order":0,"comment_status":"closed","ping_status":"closed","template":"","meta":{"_et_pb_use_builder":"on","_et_pb_old_content":"","_et_gb_content_width":"","footnotes":""},"class_list":["post-2231","page","type-page","status-publish","has-post-thumbnail","hentry"],"yoast_head":"<!-- This site is optimized with the Yoast SEO Premium plugin v27.5 (Yoast SEO v27.5) - https:\/\/yoast.com\/product\/yoast-seo-premium-wordpress\/ -->\n<title>Sant\u00e9 mentale et mieux-\u00eatre des populations - Centre de collaboration nationale sur les politiques publiques et la sant\u00e9<\/title>\n<meta name=\"robots\" content=\"index, follow, max-snippet:-1, max-image-preview:large, max-video-preview:-1\" \/>\n<link rel=\"canonical\" href=\"https:\/\/ccnpps-ncchpp.ca\/fr\/sante-mentale-et-mieux-etre-des-populations\/\" \/>\n<meta property=\"og:locale\" content=\"fr_FR\" \/>\n<meta property=\"og:type\" content=\"article\" \/>\n<meta property=\"og:title\" content=\"Sant\u00e9 mentale et mieux-\u00eatre des populations\" \/>\n<meta property=\"og:description\" content=\"La sant\u00e9 mentale est une ressource positive. Elle est n\u00e9cessaire \u00e0 la possibilit\u00e9 de vivre des vies en sant\u00e9 et socialement et \u00e9conomiquement productives. Elle va au-del\u00e0 de l&#039;absence de troubles mentaux. Cette page pr\u00e9sente une description du projet Sant\u00e9 mentale et mieux-\u00eatre des populations, men\u00e9 par le CCNPPS.\" \/>\n<meta property=\"og:url\" content=\"https:\/\/ccnpps-ncchpp.ca\/fr\/sante-mentale-et-mieux-etre-des-populations\/\" \/>\n<meta property=\"og:site_name\" content=\"Centre de collaboration nationale sur les politiques publiques et la sant\u00e9\" \/>\n<meta property=\"article:publisher\" content=\"https:\/\/www.facebook.com\/CCNPPS.NCCHPP\" \/>\n<meta property=\"article:modified_time\" content=\"2022-11-11T00:20:23+00:00\" \/>\n<meta property=\"og:image\" content=\"https:\/\/ccnpps-ncchpp.ca\/wp-content\/uploads\/2021\/06\/SMP-300x400-1.jpg\" \/>\n\t<meta property=\"og:image:width\" content=\"300\" \/>\n\t<meta property=\"og:image:height\" content=\"400\" \/>\n\t<meta property=\"og:image:type\" content=\"image\/jpeg\" \/>\n<meta name=\"twitter:card\" content=\"summary_large_image\" \/>\n<meta name=\"twitter:site\" content=\"@NCCHPP\" \/>\n<meta name=\"twitter:label1\" content=\"Dur\u00e9e de lecture estim\u00e9e\" \/>\n\t<meta name=\"twitter:data1\" content=\"3 minutes\" \/>\n<script type=\"application\/ld+json\" class=\"yoast-schema-graph\">{\"@context\":\"https:\\\/\\\/schema.org\",\"@graph\":[{\"@type\":\"WebPage\",\"@id\":\"https:\\\/\\\/ccnpps-ncchpp.ca\\\/fr\\\/sante-mentale-et-mieux-etre-des-populations\\\/\",\"url\":\"https:\\\/\\\/ccnpps-ncchpp.ca\\\/fr\\\/sante-mentale-et-mieux-etre-des-populations\\\/\",\"name\":\"Sant\u00e9 mentale et mieux-\u00eatre des populations - Centre de collaboration nationale sur les politiques publiques et la sant\u00e9\",\"isPartOf\":{\"@id\":\"https:\\\/\\\/ccnpps-ncchpp.ca\\\/fr\\\/#website\"},\"primaryImageOfPage\":{\"@id\":\"https:\\\/\\\/ccnpps-ncchpp.ca\\\/fr\\\/sante-mentale-et-mieux-etre-des-populations\\\/#primaryimage\"},\"image\":{\"@id\":\"https:\\\/\\\/ccnpps-ncchpp.ca\\\/fr\\\/sante-mentale-et-mieux-etre-des-populations\\\/#primaryimage\"},\"thumbnailUrl\":\"https:\\\/\\\/ccnpps-ncchpp.ca\\\/wp-content\\\/uploads\\\/2021\\\/06\\\/SMP-300x400-1.jpg\",\"datePublished\":\"2020-09-23T19:37:52+00:00\",\"dateModified\":\"2022-11-11T00:20:23+00:00\",\"breadcrumb\":{\"@id\":\"https:\\\/\\\/ccnpps-ncchpp.ca\\\/fr\\\/sante-mentale-et-mieux-etre-des-populations\\\/#breadcrumb\"},\"inLanguage\":\"fr-FR\",\"potentialAction\":[{\"@type\":\"ReadAction\",\"target\":[\"https:\\\/\\\/ccnpps-ncchpp.ca\\\/fr\\\/sante-mentale-et-mieux-etre-des-populations\\\/\"]}]},{\"@type\":\"ImageObject\",\"inLanguage\":\"fr-FR\",\"@id\":\"https:\\\/\\\/ccnpps-ncchpp.ca\\\/fr\\\/sante-mentale-et-mieux-etre-des-populations\\\/#primaryimage\",\"url\":\"https:\\\/\\\/ccnpps-ncchpp.ca\\\/wp-content\\\/uploads\\\/2021\\\/06\\\/SMP-300x400-1.jpg\",\"contentUrl\":\"https:\\\/\\\/ccnpps-ncchpp.ca\\\/wp-content\\\/uploads\\\/2021\\\/06\\\/SMP-300x400-1.jpg\",\"width\":300,\"height\":400},{\"@type\":\"BreadcrumbList\",\"@id\":\"https:\\\/\\\/ccnpps-ncchpp.ca\\\/fr\\\/sante-mentale-et-mieux-etre-des-populations\\\/#breadcrumb\",\"itemListElement\":[{\"@type\":\"ListItem\",\"position\":1,\"name\":\"Accueil\",\"item\":\"https:\\\/\\\/ccnpps-ncchpp.ca\\\/fr\\\/\"},{\"@type\":\"ListItem\",\"position\":2,\"name\":\"Sant\u00e9 mentale et mieux-\u00eatre des populations\"}]},{\"@type\":\"WebSite\",\"@id\":\"https:\\\/\\\/ccnpps-ncchpp.ca\\\/fr\\\/#website\",\"url\":\"https:\\\/\\\/ccnpps-ncchpp.ca\\\/fr\\\/\",\"name\":\"Centre de collaboration nationale sur les politiques publiques et la sant\u00e9\",\"description\":\"\",\"publisher\":{\"@id\":\"https:\\\/\\\/ccnpps-ncchpp.ca\\\/fr\\\/#organization\"},\"potentialAction\":[{\"@type\":\"SearchAction\",\"target\":{\"@type\":\"EntryPoint\",\"urlTemplate\":\"https:\\\/\\\/ccnpps-ncchpp.ca\\\/fr\\\/?s={search_term_string}\"},\"query-input\":{\"@type\":\"PropertyValueSpecification\",\"valueRequired\":true,\"valueName\":\"search_term_string\"}}],\"inLanguage\":\"fr-FR\"},{\"@type\":\"Organization\",\"@id\":\"https:\\\/\\\/ccnpps-ncchpp.ca\\\/fr\\\/#organization\",\"name\":\"National Collaborating Centre for Healthy Public Policy\",\"alternateName\":\"CCNPPS\",\"url\":\"https:\\\/\\\/ccnpps-ncchpp.ca\\\/fr\\\/\",\"logo\":{\"@type\":\"ImageObject\",\"inLanguage\":\"fr-FR\",\"@id\":\"https:\\\/\\\/ccnpps-ncchpp.ca\\\/fr\\\/#\\\/schema\\\/logo\\\/image\\\/\",\"url\":\"https:\\\/\\\/ccnpps-ncchpp.ca\\\/wp-content\\\/uploads\\\/2021\\\/05\\\/Logorond250px.jpg\",\"contentUrl\":\"https:\\\/\\\/ccnpps-ncchpp.ca\\\/wp-content\\\/uploads\\\/2021\\\/05\\\/Logorond250px.jpg\",\"width\":250,\"height\":250,\"caption\":\"National Collaborating Centre for Healthy Public Policy\"},\"image\":{\"@id\":\"https:\\\/\\\/ccnpps-ncchpp.ca\\\/fr\\\/#\\\/schema\\\/logo\\\/image\\\/\"},\"sameAs\":[\"https:\\\/\\\/www.facebook.com\\\/CCNPPS.NCCHPP\",\"https:\\\/\\\/x.com\\\/NCCHPP\",\"https:\\\/\\\/twitter.com\\\/CCNPPS\"]}]}<\/script>\n<!-- \/ Yoast SEO Premium plugin. -->","yoast_head_json":{"title":"Sant\u00e9 mentale et mieux-\u00eatre des populations - Centre de collaboration nationale sur les politiques publiques et la sant\u00e9","robots":{"index":"index","follow":"follow","max-snippet":"max-snippet:-1","max-image-preview":"max-image-preview:large","max-video-preview":"max-video-preview:-1"},"canonical":"https:\/\/ccnpps-ncchpp.ca\/fr\/sante-mentale-et-mieux-etre-des-populations\/","og_locale":"fr_FR","og_type":"article","og_title":"Sant\u00e9 mentale et mieux-\u00eatre des populations","og_description":"La sant\u00e9 mentale est une ressource positive. Elle est n\u00e9cessaire \u00e0 la possibilit\u00e9 de vivre des vies en sant\u00e9 et socialement et \u00e9conomiquement productives. Elle va au-del\u00e0 de l'absence de troubles mentaux. Cette page pr\u00e9sente une description du projet Sant\u00e9 mentale et mieux-\u00eatre des populations, men\u00e9 par le CCNPPS.","og_url":"https:\/\/ccnpps-ncchpp.ca\/fr\/sante-mentale-et-mieux-etre-des-populations\/","og_site_name":"Centre de collaboration nationale sur les politiques publiques et la sant\u00e9","article_publisher":"https:\/\/www.facebook.com\/CCNPPS.NCCHPP","article_modified_time":"2022-11-11T00:20:23+00:00","og_image":[{"width":300,"height":400,"url":"https:\/\/ccnpps-ncchpp.ca\/wp-content\/uploads\/2021\/06\/SMP-300x400-1.jpg","type":"image\/jpeg"}],"twitter_card":"summary_large_image","twitter_site":"@NCCHPP","twitter_misc":{"Dur\u00e9e de lecture estim\u00e9e":"3 minutes"},"schema":{"@context":"https:\/\/schema.org","@graph":[{"@type":"WebPage","@id":"https:\/\/ccnpps-ncchpp.ca\/fr\/sante-mentale-et-mieux-etre-des-populations\/","url":"https:\/\/ccnpps-ncchpp.ca\/fr\/sante-mentale-et-mieux-etre-des-populations\/","name":"Sant\u00e9 mentale et mieux-\u00eatre des populations - Centre de collaboration nationale sur les politiques publiques et la sant\u00e9","isPartOf":{"@id":"https:\/\/ccnpps-ncchpp.ca\/fr\/#website"},"primaryImageOfPage":{"@id":"https:\/\/ccnpps-ncchpp.ca\/fr\/sante-mentale-et-mieux-etre-des-populations\/#primaryimage"},"image":{"@id":"https:\/\/ccnpps-ncchpp.ca\/fr\/sante-mentale-et-mieux-etre-des-populations\/#primaryimage"},"thumbnailUrl":"https:\/\/ccnpps-ncchpp.ca\/wp-content\/uploads\/2021\/06\/SMP-300x400-1.jpg","datePublished":"2020-09-23T19:37:52+00:00","dateModified":"2022-11-11T00:20:23+00:00","breadcrumb":{"@id":"https:\/\/ccnpps-ncchpp.ca\/fr\/sante-mentale-et-mieux-etre-des-populations\/#breadcrumb"},"inLanguage":"fr-FR","potentialAction":[{"@type":"ReadAction","target":["https:\/\/ccnpps-ncchpp.ca\/fr\/sante-mentale-et-mieux-etre-des-populations\/"]}]},{"@type":"ImageObject","inLanguage":"fr-FR","@id":"https:\/\/ccnpps-ncchpp.ca\/fr\/sante-mentale-et-mieux-etre-des-populations\/#primaryimage","url":"https:\/\/ccnpps-ncchpp.ca\/wp-content\/uploads\/2021\/06\/SMP-300x400-1.jpg","contentUrl":"https:\/\/ccnpps-ncchpp.ca\/wp-content\/uploads\/2021\/06\/SMP-300x400-1.jpg","width":300,"height":400},{"@type":"BreadcrumbList","@id":"https:\/\/ccnpps-ncchpp.ca\/fr\/sante-mentale-et-mieux-etre-des-populations\/#breadcrumb","itemListElement":[{"@type":"ListItem","position":1,"name":"Accueil","item":"https:\/\/ccnpps-ncchpp.ca\/fr\/"},{"@type":"ListItem","position":2,"name":"Sant\u00e9 mentale et mieux-\u00eatre des populations"}]},{"@type":"WebSite","@id":"https:\/\/ccnpps-ncchpp.ca\/fr\/#website","url":"https:\/\/ccnpps-ncchpp.ca\/fr\/","name":"Centre de collaboration nationale sur les politiques publiques et la sant\u00e9","description":"","publisher":{"@id":"https:\/\/ccnpps-ncchpp.ca\/fr\/#organization"},"potentialAction":[{"@type":"SearchAction","target":{"@type":"EntryPoint","urlTemplate":"https:\/\/ccnpps-ncchpp.ca\/fr\/?s={search_term_string}"},"query-input":{"@type":"PropertyValueSpecification","valueRequired":true,"valueName":"search_term_string"}}],"inLanguage":"fr-FR"},{"@type":"Organization","@id":"https:\/\/ccnpps-ncchpp.ca\/fr\/#organization","name":"National Collaborating Centre for Healthy Public Policy","alternateName":"CCNPPS","url":"https:\/\/ccnpps-ncchpp.ca\/fr\/","logo":{"@type":"ImageObject","inLanguage":"fr-FR","@id":"https:\/\/ccnpps-ncchpp.ca\/fr\/#\/schema\/logo\/image\/","url":"https:\/\/ccnpps-ncchpp.ca\/wp-content\/uploads\/2021\/05\/Logorond250px.jpg","contentUrl":"https:\/\/ccnpps-ncchpp.ca\/wp-content\/uploads\/2021\/05\/Logorond250px.jpg","width":250,"height":250,"caption":"National Collaborating Centre for Healthy Public Policy"},"image":{"@id":"https:\/\/ccnpps-ncchpp.ca\/fr\/#\/schema\/logo\/image\/"},"sameAs":["https:\/\/www.facebook.com\/CCNPPS.NCCHPP","https:\/\/x.com\/NCCHPP","https:\/\/twitter.com\/CCNPPS"]}]}},"_links":{"self":[{"href":"https:\/\/ccnpps-ncchpp.ca\/fr\/wp-json\/wp\/v2\/pages\/2231","targetHints":{"allow":["GET"]}}],"collection":[{"href":"https:\/\/ccnpps-ncchpp.ca\/fr\/wp-json\/wp\/v2\/pages"}],"about":[{"href":"https:\/\/ccnpps-ncchpp.ca\/fr\/wp-json\/wp\/v2\/types\/page"}],"author":[{"embeddable":true,"href":"https:\/\/ccnpps-ncchpp.ca\/fr\/wp-json\/wp\/v2\/users\/2"}],"replies":[{"embeddable":true,"href":"https:\/\/ccnpps-ncchpp.ca\/fr\/wp-json\/wp\/v2\/comments?post=2231"}],"version-history":[{"count":0,"href":"https:\/\/ccnpps-ncchpp.ca\/fr\/wp-json\/wp\/v2\/pages\/2231\/revisions"}],"wp:featuredmedia":[{"embeddable":true,"href":"https:\/\/ccnpps-ncchpp.ca\/fr\/wp-json\/wp\/v2\/media\/19300"}],"wp:attachment":[{"href":"https:\/\/ccnpps-ncchpp.ca\/fr\/wp-json\/wp\/v2\/media?parent=2231"}],"curies":[{"name":"wp","href":"https:\/\/api.w.org\/{rel}","templated":true}]}}